{"id":45,"date":"2019-03-08T20:21:56","date_gmt":"2019-03-08T20:21:56","guid":{"rendered":"http:\/\/csu-seniorenunion-dgf-lan.de\/CMS\/?page_id=45"},"modified":"2019-03-09T12:40:17","modified_gmt":"2019-03-09T12:40:17","slug":"veranstaltungen","status":"publish","type":"page","link":"https:\/\/csu-seniorenunion-dgf-lan.de\/?page_id=45","title":{"rendered":"Termine"},"content":{"rendered":"\n\t\t\t\t<div class=\"event-list\">\n\t\t\t\t<style type=\"text\/css\">\n\t\t\t\t\t.filterbar { display:table; width:100% }\n\t\t\t\t\t.filterbar > div { display:table-cell }\n\t\t\t\t<\/style>\n\t\t\t\t<!--[if lte IE 7]>\n\t\t\t\t<style>.filterbar > div { float:left }<\/style>\n\t\t\t\t<![endif]-->\n\t\t\t\t<div class=\"filterbar subsubsub\">\n\t\t\t\t\t<div style=\"text-align:left\"><ul class=\"hlist\"><li><a href=\"https:\/\/csu-seniorenunion-dgf-lan.de\/?page_id=45&#038;rest_route=%2Fwp%2Fv2%2Fpages%2F45&#038;date1=all\">Alle<\/a><\/li><li><strong>Anstehend<\/strong><\/li><li><a href=\"https:\/\/csu-seniorenunion-dgf-lan.de\/?page_id=45&#038;rest_route=%2Fwp%2Fv2%2Fpages%2F45&#038;date1=2019\">2019<\/a><\/li><li><a href=\"https:\/\/csu-seniorenunion-dgf-lan.de\/?page_id=45&#038;rest_route=%2Fwp%2Fv2%2Fpages%2F45&#038;date1=2020\">2020<\/a><\/li><li><a href=\"https:\/\/csu-seniorenunion-dgf-lan.de\/?page_id=45&#038;rest_route=%2Fwp%2Fv2%2Fpages%2F45&#038;date1=2021\">2021<\/a><\/li><li><a href=\"https:\/\/csu-seniorenunion-dgf-lan.de\/?page_id=45&#038;rest_route=%2Fwp%2Fv2%2Fpages%2F45&#038;date1=2022\">2022<\/a><\/li><li><a href=\"https:\/\/csu-seniorenunion-dgf-lan.de\/?page_id=45&#038;rest_route=%2Fwp%2Fv2%2Fpages%2F45&#038;date1=2023\">2023<\/a><\/li><li><a href=\"https:\/\/csu-seniorenunion-dgf-lan.de\/?page_id=45&#038;rest_route=%2Fwp%2Fv2%2Fpages%2F45&#038;date1=2024\">2024<\/a><\/li><li><a href=\"https:\/\/csu-seniorenunion-dgf-lan.de\/?page_id=45&#038;rest_route=%2Fwp%2Fv2%2Fpages%2F45&#038;date1=2025\">2025<\/a><\/li><li><a href=\"https:\/\/csu-seniorenunion-dgf-lan.de\/?page_id=45&#038;rest_route=%2Fwp%2Fv2%2Fpages%2F45&#038;date1=2026\">2026<\/a><\/li><\/ul>\n\t\t\t\t\t<\/div><\/div>\n\t\t\t\t<ul class=\"event-list-view\">\n\t\t\t \t<li class=\"event \">\n\t\t\t\t\t<div class=\"event-date single-date\"><div class=\"startdate\"><div class=\"event-weekday\">Di.<\/div><div class=\"event-day\">28<\/div><div class=\"event-month\">Apr.<\/div><div class=\"event-year\">2026<\/div><\/div><\/div>\n\t\t\t\t\t<div class=\"event-info single-day\"><div class=\"event-title\"><h3><a href=\"https:\/\/csu-seniorenunion-dgf-lan.de\/?page_id=45&amp;rest_route=%2Fwp%2Fv2%2Fpages%2F45&amp;event_id1=1692\">Kulturelle und politische Landkreisrundfahrt mit dem Bus in den Landkreis Rottal-Inn<\/a><\/h3><\/div><span class=\"event-location\">Rottal-Inn<\/span><div class=\"event-content\"><p>Erste Station: 09.00 Uhr: Bad Birnbach, Treffen mit MdB und B\u00fcrgermeister von Bayerbach G\u00fcnter Baumgartner, Rundgang. Mittagessen in Bayerbach.Weitere Stationen: Pfarrkirchen, Empfang im Rathaus durch 1. B\u00fcrgermeister Wolfang Bei\u00dfmann, Altstadtrundgang, Besuch der Wallfahrtskirche Gartlberg, 3. Station. Eggenfelden, Treffen mit Stadtr\u00e4tin Andrea Malota: Besuch in Gern: SUD, Gotischer Kasten, Altstadt Eggenfelden.<\/p>\n<p>Busabfahrt ab Landau, Volkfestplatz : 07.10 , Dingolfing, Kirtawiese neben Gymnasium: 07.40 Uhr, Reisbach, Volksfestplatz: 08.00 Uhr<\/p>\n<\/div><\/div>\n\t\t\t\t<\/li>\n\t\t\t \t<li class=\"event \">\n\t\t\t\t\t<div class=\"event-date single-date\"><div class=\"startdate\"><div class=\"event-weekday\">Do.<\/div><div class=\"event-day\">11<\/div><div class=\"event-month\">Juni<\/div><div class=\"event-year\">2026<\/div><\/div><\/div>\n\t\t\t\t\t<div class=\"event-info single-day\"><div class=\"event-title\"><h3><a href=\"https:\/\/csu-seniorenunion-dgf-lan.de\/?page_id=45&amp;rest_route=%2Fwp%2Fv2%2Fpages%2F45&amp;event_id1=1694\">Sommerausflug nach Rosenheim<\/a><\/h3><\/div><span class=\"event-location\">Rosenheim<\/span><div class=\"event-content\"><p>Vormittags Besuch des Lokschuppens zur Ausstellung \"R\u00f6mer. Gesichter eines Weltreiches\". Nachmittags Themen-Stadtf\u00fchrung \"Auf den Spuren der Rosenheim-Cops\".<\/p>\n<p>Busabfahrt ab Reisbach, Dingolfing und Landau.<\/p>\n<p>Anmeldung bei der Kreisvorsitzenden bis sp\u00e4testens 28.05.2026.<\/p>\n<\/div><\/div>\n\t\t\t\t<\/li>\n\t\t\t \t<li class=\"event \">\n\t\t\t\t\t<div class=\"event-date single-date\"><div class=\"startdate\"><div class=\"event-weekday\">Mi.<\/div><div class=\"event-day\">24<\/div><div class=\"event-month\">Juni<\/div><div class=\"event-year\">2026<\/div><\/div><\/div>\n\t\t\t\t\t<div class=\"event-info single-day\"><div class=\"event-title\"><h3><a href=\"https:\/\/csu-seniorenunion-dgf-lan.de\/?page_id=45&amp;rest_route=%2Fwp%2Fv2%2Fpages%2F45&amp;event_id1=1696\">Bezirksdelegiertenversammlung<\/a><\/h3><\/div><span class=\"event-time\">15:00<\/span><span class=\"event-location\">Vilstaler Hof in Rottersdorf<\/span><div class=\"event-content\"><p>Termin f\u00fcr Delegierte<\/p>\n<\/div><\/div>\n\t\t\t\t<\/li>\n\t\t\t \t<li class=\"event \">\n\t\t\t\t\t<div class=\"event-date single-date\"><div class=\"startdate\"><div class=\"event-weekday\">Sa.<\/div><div class=\"event-day\">01<\/div><div class=\"event-month\">Aug.<\/div><div class=\"event-year\">2026<\/div><\/div><\/div>\n\t\t\t\t\t<div class=\"event-info single-day\"><div class=\"event-title\"><h3><a href=\"https:\/\/csu-seniorenunion-dgf-lan.de\/?page_id=45&amp;rest_route=%2Fwp%2Fv2%2Fpages%2F45&amp;event_id1=1698\">Sommerfest<\/a><\/h3><\/div><span class=\"event-time\">15:00<\/span><span class=\"event-location\">Mamming, Landgasthof Apfelbeck<\/span><div class=\"event-content\"><p>Sommerfest f\u00fcr alle Mitglieder, Freunde und Interessierte. Bei schlechtem Wetter kann in die H\u00fctte ausgewichen werden. Anmeldung bei der Kreisvorsitzenden bis sp\u00e4testens 18.07.2026<\/p>\n<\/div><\/div>\n\t\t\t\t<\/li>\n\t\t\t \t<li class=\"event \">\n\t\t\t\t\t<div class=\"event-date single-date\"><div class=\"startdate\"><div class=\"event-weekday\">Do.<\/div><div class=\"event-day\">15<\/div><div class=\"event-month\">Okt.<\/div><div class=\"event-year\">2026<\/div><\/div><\/div>\n\t\t\t\t\t<div class=\"event-info single-day\"><div class=\"event-title\"><h3><a href=\"https:\/\/csu-seniorenunion-dgf-lan.de\/?page_id=45&amp;rest_route=%2Fwp%2Fv2%2Fpages%2F45&amp;event_id1=1700\">\u00d6ffentlicher Stammtisch<\/a><\/h3><\/div><span class=\"event-time\">18:00<\/span><span class=\"event-location\">Frontenhausen, Gasthof &quot;Zur Post&quot;<\/span><div class=\"event-content\"><p>Willkommen sind alle interessierten B\u00fcrgerinnen und B\u00fcrger.<\/p>\n<\/div><\/div>\n\t\t\t\t<\/li>\n\t\t\t \t<li class=\"event \">\n\t\t\t\t\t<div class=\"event-date single-date\"><div class=\"startdate\"><div class=\"event-weekday\">Sa.<\/div><div class=\"event-day\">12<\/div><div class=\"event-month\">Dez.<\/div><div class=\"event-year\">2026<\/div><\/div><\/div>\n\t\t\t\t\t<div class=\"event-info single-day\"><div class=\"event-title\"><h3><a href=\"https:\/\/csu-seniorenunion-dgf-lan.de\/?page_id=45&amp;rest_route=%2Fwp%2Fv2%2Fpages%2F45&amp;event_id1=1702\">Advent- und Weihnachtsfeier<\/a><\/h3><\/div><span class=\"event-time\">14:00<\/span><span class=\"event-location\">Vilstaler Hof in Rottersdorf<\/span><div class=\"event-content\"><p>Feier mit ansprechendem Rahmenprogramm<\/p>\n<\/div><\/div>\n\t\t\t\t<\/li><\/ul>\n\t\t\t\t<\/div>\n","protected":false},"excerpt":{"rendered":"","protected":false},"author":1,"featured_media":0,"parent":0,"menu_order":0,"comment_status":"closed","ping_status":"closed","template":"","meta":{"footnotes":""},"class_list":["post-45","page","type-page","status-publish"],"_links":{"self":[{"href":"https:\/\/csu-seniorenunion-dgf-lan.de\/index.php?rest_route=\/wp\/v2\/pages\/45","targetHints":{"allow":["GET"]}}],"collection":[{"href":"https:\/\/csu-seniorenunion-dgf-lan.de\/index.php?rest_route=\/wp\/v2\/pages"}],"about":[{"href":"https:\/\/csu-seniorenunion-dgf-lan.de\/index.php?rest_route=\/wp\/v2\/types\/page"}],"author":[{"embeddable":true,"href":"https:\/\/csu-seniorenunion-dgf-lan.de\/index.php?rest_route=\/wp\/v2\/users\/1"}],"replies":[{"embeddable":true,"href":"https:\/\/csu-seniorenunion-dgf-lan.de\/index.php?rest_route=%2Fwp%2Fv2%2Fcomments&post=45"}],"version-history":[{"count":11,"href":"https:\/\/csu-seniorenunion-dgf-lan.de\/index.php?rest_route=\/wp\/v2\/pages\/45\/revisions"}],"predecessor-version":[{"id":1051,"href":"https:\/\/csu-seniorenunion-dgf-lan.de\/index.php?rest_route=\/wp\/v2\/pages\/45\/revisions\/1051"}],"wp:attachment":[{"href":"https:\/\/csu-seniorenunion-dgf-lan.de\/index.php?rest_route=%2Fwp%2Fv2%2Fmedia&parent=45"}],"curies":[{"name":"wp","href":"https:\/\/api.w.org\/{rel}","templated":true}]}}